{"id":3622,"date":"2023-02-13T10:59:51","date_gmt":"2023-02-13T09:59:51","guid":{"rendered":"https:\/\/ibr.bs.katowice.pl\/?page_id=3622"},"modified":"2024-07-25T10:56:26","modified_gmt":"2024-07-25T08:56:26","slug":"jak-redagowac-tekst","status":"publish","type":"page","link":"https:\/\/ibr.bs.katowice.pl\/?page_id=3622","title":{"rendered":"Jak redagowa\u0107 tekst?"},"content":{"rendered":"\n<p>Artyku\u0142 powinien by\u0107 zredagowany zgodnie z&nbsp;wytycznymi przedstawionymi poni\u017cej.<\/p>\n\n\n\n<ul class=\"wp-block-list\">\n<li>Tekst powinien by\u0107 opatrzony afiliacj\u0105 i\u00a0numerem ORCID autora,<\/li>\n\n\n\n<li>Streszczenie w\u00a0j\u0119zyku polskim powinno obejmowa\u0107 ok. 1200-1800 znak\u00f3w ze\u00a0spacjami, <\/li>\n\n\n\n<li>Nale\u017cy wypisa\u0107 pi\u0119\u0107 s\u0142\u00f3w kluczowych <\/li>\n\n\n\n<li>Materia\u0142 ilustracyjny powinien by\u0107 zaznaczony w tek\u015bcie, gdzie powinien wyst\u0105pi\u0107, a pliki  w formacie jpg. lub tiff. o rozdzielczo\u015bci 300 dpi nale\u017cy przes\u0142a\u0107 niezale\u017cnie od pliku tekstowego.<\/li>\n\n\n\n<li>Przypisy oraz\u00a0bibliografi\u0119 nale\u017cy sporz\u0105dzi\u0107 zgodnie ze standardem APA 7.<\/li>\n\n\n\n<li>Obj\u0119to\u015b\u0107 tekst\u00f3w:\n<ul class=\"wp-block-list\">\n<li>Artyku\u0142y naukowe (40 tys. znak\u00f3w), <\/li>\n\n\n\n<li>Materia\u0142y (40 tys. znak\u00f3w), <\/li>\n\n\n\n<li>Komunikaty (20 tys. znak\u00f3w), <\/li>\n\n\n\n<li>Polemiki i g\u0142osy dyskusyjne (40 tys. znak\u00f3w), <\/li>\n\n\n\n<li>Recenzje, zapowiedzi i sprawozdania z wydarze\u0144 (20 tys. znak\u00f3w), <\/li>\n\n\n\n<li>Streszczenia obcoj\u0119zyczne (20 tys. znak\u00f3w)<\/li>\n<\/ul>\n<\/li>\n<\/ul>\n\n\n\n<h2 class=\"wp-block-heading\">Redagowanie tekstu naukowego w stylu APA edycja 7<\/h2>\n\n\n\n<h3 class=\"wp-block-heading\">Tekst g\u0142\u00f3wny<\/h3>\n\n\n\n<ul class=\"wp-block-list\">\n<li>zapis czcionk\u0105 TNR, 12, interlinia 1,5, tre\u015b\u0107 justowana,<\/li>\n\n\n\n<li>d\u0142u\u017csze cytowania tekstu nale\u017cy wprowadza\u0107 za pomoc\u0105 cytatu blokowego,<\/li>\n\n\n\n<li>przytaczaj\u0105c tytu\u0142u ksi\u0105\u017cek, rozdzia\u0142\u00f3w, artyku\u0142\u00f3w nale\u017cy stosowa\u0107 kursyw\u0119.<\/li>\n<\/ul>\n\n\n\n<h3 class=\"wp-block-heading\">Przypisy<\/h3>\n\n\n\n<p>Przypisy uzupe\u0142niaj\u0105ce podstawowe informacje zawarte w tek\u015bcie g\u0142\u00f3wnym nale\u017cy umie\u015bci\u0107 na dole strony i numerowa\u0107 u\u017cywaj\u0105c cyfr arabskich.<\/p>\n\n\n\n<h3 class=\"wp-block-heading\">Odsy\u0142acze<\/h3>\n\n\n\n<p>W przypadku w\u0105tpliwo\u015bci jak skonstruowa\u0107 przypis lub zapis bibliograficzny polecamy skorzystanie z <a rel=\"noreferrer noopener\" href=\"https:\/\/www.grafiati.com\/pl\/\" target=\"_blank\">generatora przypis\u00f3w<\/a>.<\/p>\n\n\n\n<h4 class=\"wp-block-heading\">Zasady og\u00f3lne<\/h4>\n\n\n\n<p>Odwo\u0142ania do innych prac i tekst\u00f3w zar\u00f3wno w w formie przytocze\u0144 jak i dos\u0142ownych cytowa\u0144 nale\u017cy opatrzy\u0107 odpowiednim odsy\u0142aczem bibliograficznym zapisanym w nawiasie i sk\u0142adaj\u0105cym si\u0119 z nazwiska i roku wydania publikacji. Spisu cytowanej literatury, znajduje si\u0119 na ko\u0144cu tekstu w sekcji Bibliografia.<\/p>\n\n\n\n<ul class=\"wp-block-list\">\n<li><strong>odsy\u0142acz do pracy 1 autora<\/strong> &#8211; podac\u0301 nazwisko autora (bez imion i inicja\u0142\u00f3w), po przecinku, rok publikacji, przywo\u0142ywane strony nale\u017cy umie\u015bci\u0107 po kolejnym przecinku<\/li>\n<\/ul>\n\n\n\n<p>(Nowak, 2022)<\/p>\n\n\n\n<p class=\"has-vivid-cyan-blue-color has-text-color\">W niniejszym tek\u015bcie reakcje te zosta\u0142y opisane na podstawie artyku\u0142\u00f3w zamieszczanych w najwa\u017cniejszym dzienniku niemieckim na G\u00f3rnym \u015al\u0105sku (Kaczmarek, 2015).<\/p>\n\n\n\n<p>lub<\/p>\n\n\n\n<p>W pracy Nowaka (2022) mo\u017cna zauwa\u017cy\u0107&#8230;<\/p>\n\n\n\n<p class=\"has-vivid-cyan-blue-color has-text-color\">Antoszewska (2015) podaje, \u017ce celem nadrz\u0119dnym jest rozrywka, a powi\u0105zania z histori\u0105 wynikaj\u0105 z osadzenia \u201eliterackiego \u015bwiata\u201d w jakiej\u015b epoce, traktowanej jednak do\u015b\u0107 lu\u017ano.<\/p>\n\n\n\n<p>(Kowalska, 2020, s. 15-17)<\/p>\n\n\n\n<p class=\"has-vivid-cyan-blue-color has-text-color\">M\u0142odszy z rodze\u0144stwa Jan Nepomuk zosta\u0142 natomiast beneficjentem fideikomisu pieni\u0119\u017cnego (Zedler, 1740\u20131742, s. 793) i nie\u017conaty wybra\u0142 karier\u0119 w szeregach Zakonu Malta\u0144skiego.<\/p>\n\n\n\n<p>lub<\/p>\n\n\n\n<p>Kowalska (2020, s. 16) zauwa\u017cy\u0142a, \u017ce<\/p>\n\n\n\n<p class=\"has-vivid-cyan-blue-color has-text-color\">Jak podaje Kaczmarek (2015, s. 23) &#8230;<\/p>\n\n\n\n<ul class=\"wp-block-list\">\n<li><strong>odsy\u0142acz do pracy 2 autor\u00f3w<\/strong> <\/li>\n<\/ul>\n\n\n\n<p>Je\u015bli praca ma dw\u00f3ch autor\u00f3w, za ka\u017cdym razem w tek\u015bcie lub w nawiasie nale\u017cy podawa\u0107 oba nazwiska, oddzielaj\u0105c je sp\u00f3jnikiem i nast\u0119pnie da\u0107 przecinek i poda\u0107 rok publikacji.<\/p>\n\n\n\n<p>(Kowalska i Nowak, 2021)<\/p>\n\n\n\n<p>Kowalska i Nowak (2021) dowiod\u0142y, \u017ce dokument&#8230;<\/p>\n\n\n\n<p class=\"has-vivid-cyan-blue-color has-text-color\">Odpowied\u017a biskupa by\u0142a stosowna do kr\u00f3lewskiego listu: \u201eWielka za\u017cy\u0142o\u015b\u0107 mi\u0119dzy Duchem \u015awi\u0119tym a Wasz\u0105 Wysoko\u015bci\u0105 to dla mnie nowina; nic nie wiedzia\u0142em, \u017ce taka znajomo\u015b\u0107 zosta\u0142a zawarta. Mam nadziej\u0119, \u017ce Paraklet ze\u015ble na Papie\u017ca i kanonik\u00f3w natchnienie zgodne z naszymi \u017cyczeniami\u201d (Davies i Moorhouse, 2002, s. 253).<\/p>\n\n\n\n<ul class=\"wp-block-list\">\n<li><strong>odsy\u0142acz do pracy 3 i wi\u0119cej autor\u00f3w<\/strong><\/li>\n<\/ul>\n\n\n\n<p>Je\u015bli praca ma trzech lub wi\u0119cej autor\u00f3w, to zar\u00f3wno w tek\u015bcie jak i nawiasie nale\u017cy poda\u0107 nazwisko tylko pierwszego autora, dodaj\u0105c za jego nazwiskiem skr\u00f3t i in. oraz rok. Ten zapis nale\u017cy stosowa\u0107 ju\u017c od pierwszego cytowania danej pracy trzech lub wi\u0119cej autor\u00f3w.<\/p>\n\n\n\n<p>(Kowalski i in, 2000)<\/p>\n\n\n\n<p>W pracy Kowalskiego i in. (2000) postawiono tez\u0119, \u017ce&#8230;<\/p>\n\n\n\n<p class=\"has-vivid-cyan-blue-color has-text-color\">W odwecie za odmow\u0119 dostarczania \u017cywno\u015bci i fura\u017cu niekt\u00f3re wioski zosta\u0142y zniszczone (Czapli\u0144ski i in., 2002, s. 187\u2013189)<\/p>\n\n\n\n<p>Je\u015bli <strong>dwie r\u00f3\u017cne prace trzech lub wi\u0119cej autor\u00f3w maj\u0105 ten sam rok<\/strong> <strong>i po skr\u00f3ceniu maj\u0105 taki sam zapis,<\/strong> nale\u017cy poda\u0107 nazwiska pierwszych autor\u00f3w i tak wielu kolejnych autor\u00f3w, jak to konieczne do rozr\u00f3\u017cnienia dw\u00f3ch prac.<\/p>\n\n\n\n<p>Nowak, Kowalski, Wi\u015bniewska i W\u00f3jcik (2010) oraz Nowak, Kowalski, Kami\u0144ska, Kowalczyk i Lewandowski (2010) byliby zapisywani po skr\u00f3ceniu jako Nowak i in. (2010). Dla rozr\u00f3\u017cnienia nale\u017cy zastosowa\u0107 zapis<\/p>\n\n\n\n<p class=\"has-vivid-cyan-blue-color has-text-color\">Nowak, Kowalski, Wi\u015bniewska i W\u00f3jcik (2010) oraz Nowak, Kowalski, Kami\u0144ska i in. (2010) przedstawili r\u00f3\u017cne hipotezy tego zjawiska<\/p>\n\n\n\n<p>Poniewa\u017c skr\u00f3t i in. oznacza liczb\u0119 mnog\u0105, dlatego nie mo\u017cna go odnosi\u0107 si\u0119 do jednego nazwiska &#8211; st\u0105d w pierwsza pozycji zawieraj\u0105cej czterech autor\u00f3w, dla rozr\u00f3\u017cnienia konieczne by\u0142o podanie co najmniej trzech nazwisk, jednak ostatniego nie mo\u017cna zast\u0105pi\u0107 skr\u00f3tem, dlatego wymieniono wszystkich autor\u00f3w<\/p>\n\n\n\n<ul class=\"wp-block-list\">\n<li><strong>autor kooperatywny<\/strong><\/li>\n<\/ul>\n\n\n\n<p>Je\u015bli skr\u00f3t instytucji jest powszechnie znany:<\/p>\n\n\n\n<p>Pierwsze cytowanie w tek\u015bcie: Narodowe Centrum Nauki (NCN, 2011)<br>Pierwsze cytowanie w nawiasie: (Narodowe Centrum Nauki [NCN], 2011)<br>Kolejne cytowania w tek\u015bcie: NCN (2011)<br>Kolejne cytowania w nawiasie: (NCN, 2011)<br><\/p>\n\n\n\n<p>Autor korporatywny zapis pe\u0142nej nazwy w\u0142asnej<br>Uniwersytet \u015al\u0105ski (2012)<br>(Uniwersytet \u015al\u0105ski, 2012)<\/p>\n\n\n\n<ul class=\"wp-block-list\">\n<li><strong>publikacje prasowe <\/strong><\/li>\n<\/ul>\n\n\n\n<p>Podajemy, autora lub tytu\u0142 artyku\u0142u, rok wydania<\/p>\n\n\n\n<ul class=\"wp-block-list\">\n<li><strong>materia\u0142y archiwalne<\/strong><\/li>\n<\/ul>\n\n\n\n<p>Podajemy skr\u00f3con\u0105 nazw\u0119 archiwum, sygnatur\u0119, kart\u0119 i ewentualnie tytu\u0142 dokumentu.<\/p>\n\n\n\n<ul class=\"wp-block-list\">\n<li><strong>cytowanie dzie\u0142 klasycznych<\/strong><\/li>\n<\/ul>\n\n\n\n<p>Przy cytowaniu bardzo starych prac, do kt\u00f3rych oryginalnego pierwszego wydania nie ma dost\u0119pu, nale\u017cy poda\u0107 rok t\u0142umaczenia lub rok wydania, z kt\u00f3rego si\u0119 korzysta, poprzedzaj\u0105c go skr\u00f3tem t\u0142um.\/wyd. Je\u015bli znana jest data oryginalnej publikacji, nale\u017cy wstawi\u0107 j\u0105 w odsy\u0142acz, a za ni\u0105 wstawi\u0107 dat\u0119 wydania, z kt\u00f3rego autor korzysta\u0142. Obie daty s\u0105 przedzielone uko\u015bnikiem.<\/p>\n\n\n\n<p>(Platon, t\u0142um. 1980)<br>(Biblia Tysi\u0105clecia, wyd. 1965)<br>Henryk VIII (1623\/1895)<\/p>\n\n\n\n<h4 class=\"wp-block-heading\"><strong>Zasady szczeg\u00f3\u0142owe<\/strong><\/h4>\n\n\n\n<ul class=\"wp-block-list\">\n<li>W sytuacji przywo\u0142ania w tym samym nawiasie <strong>kilku r\u00f3\u017cnych prac<\/strong> nale\u017cy je oddziela\u0107 \u015brednikiem i uporz\u0105dkowa\u0107 alfabetycznie.<\/li>\n<\/ul>\n\n\n\n<p>(Kowalska, 2020; Nowak, 2022)<\/p>\n\n\n\n<p class=\"has-vivid-cyan-blue-color has-text-color\">Prawo Schaffgotsch\u00f3w pos\u0142ugiwania si\u0119 tytu\u0142em dziedzicznego s\u0119dziego dworskiego w ksi\u0119stwie \u015bwidnicko-jaworskim kr\u00f3l pruski potwierdzi\u0142 22 stycznia 1747 roku (Konopnicka, 2014, s. 310; Kwa\u015bniewski, 1993, s. 108).<\/p>\n\n\n\n<p>Mo\u017cna oddzieli\u0107 odsy\u0142acz do g\u0142\u00f3wnej pracy od pozosta\u0142ych odsy\u0142aczy w nawiasach przez wpisanie skr\u00f3tu zob. te\u017c: przed mniej wa\u017cnymi pracami, kt\u00f3re powinny by\u0107 uporz\u0105dkowane alfabetycznie.<br>(Kowalska, 2000; zob. te\u017c: Nowak, 2002; Wi\u015bniewska i in., 2001).<\/p>\n\n\n\n<ul class=\"wp-block-list\">\n<li>W przypadku odwo\u0142a\u0144 do <strong>kilku prac jednego autora<\/strong> nale\u017cy je uszeregowa\u0107 chronologicznie, nazwisko autora podajemy tylko raz<\/li>\n<\/ul>\n\n\n\n<p>(Nowak, 2020, 2022)<\/p>\n\n\n\n<p class=\"has-vivid-cyan-blue-color has-text-color\">Po decyzji o podziale g\u00f3rno\u015bl\u0105skiego obszaru plebiscytowego, podj\u0119tej w 1921 roku przez mocarstwa reprezentowane w Radzie Ambasador\u00f3w i po podpisaniu w Genewie polsko-niemieckiej Konwencji G\u00f3rno\u015bl\u0105skiej w roku nast\u0119pnym, uzgodniono \u2013 pod patronatem Mi\u0119dzysojuszniczej Komisji Rz\u0105dz\u0105cej i Plebiscytowej oraz przy udziale rz\u0105d\u00f3w polskiego i niemieckiego \u2013 warunki przejmowania poszczeg\u00f3lnych powiat\u00f3w przez Polsk\u0119 i Niemcy (Ma\u0142ysa, 2019, s. 477\u2013487; 2022).<\/p>\n\n\n\n<p>Je\u015bli kilka prac tego samego autora\/autor\u00f3w zosta\u0142o opublikowanych w tym samym roku, nale\u017cy je rozr\u00f3\u017cni\u0107 dodaj\u0105c litery a, b, c itd. po roku publikacji (bez spacji mi\u0119dzy rokiem a liter\u0105). Analogiczne oznaczenia powinny zosta\u0107 wprowadzone w zapisie Bibliografii, przy czym poszczeg\u00f3lne zapisy bibliograficzne nale\u017cy uporz\u0105dkowa\u0107 alfabetycznie wed\u0142ug tytu\u0142u. <\/p>\n\n\n\n<p>(Kowalski, 2022a, 2022b), (Nowak i Kowalska, 2000a, 2000b)<\/p>\n\n\n\n<ul class=\"wp-block-list\">\n<li><strong>dw\u00f3ch r\u00f3\u017cnych autor\u00f3w o tym samym nazwisku<\/strong><\/li>\n<\/ul>\n\n\n\n<p>Je\u015bli przywo\u0142ujemy prace r\u00f3\u017cnych autor\u00f3w, kt\u00f3rzy maj\u0105 takie same nazwiska, ale r\u00f3\u017cne inicja\u0142y, nale\u017cy wpisa\u0107 inicja\u0142y imion tych autor\u00f3w przy ka\u017cdym odwo\u0142aniu si\u0119 do pracy w tek\u015bcie, nawet je\u015bli chodzi o inny rok publikacji.<\/p>\n\n\n\n<p class=\"has-vivid-cyan-blue-color has-text-color\">A. Kowalska (2002) zaproponowa\u0142a podzia\u0142&#8230;. ale obecnie stosuje si\u0119&#8230; (C. Kowalska, 2022).<br>Model trzyczynnikowy zosta\u0142 zweryfikowany empirycznie (A. Kowalska i Nowak, 2012).<br><br>W Bibliografii:<br>Kowalska, A. (2002). Tytu\u0142 ksi\u0105\u017cki. Wydawnictwo.<br>Kowalska, A., Nowak, D. (2012). Tytu\u0142 ksi\u0105\u017cki. Wydawnictwo.<br>Kowalska, C. (2012). Tytu\u0142 ksi\u0105\u017cki. Wydawnictwo.<\/p>\n\n\n\n<p>Je\u015bli pod tym samym nazwiskiem i tymi samymi inicja\u0142ami kryj\u0105 si\u0119 dwie r\u00f3\u017cne osoby, najlepiej poda\u0107 w odsy\u0142aczu pe\u0142ne imiona obu autor\u00f3w.<\/p>\n\n\n\n<p class=\"has-vivid-cyan-blue-color has-text-color\">(Krzysztof Nowak, 2001), (Kamila Nowak, 2000)<br>Krzysztof Nowak (2001) stwierdzi\u0142, \u017ce &#8230; z kolei Kamila Nowak (2000) wykaza\u0142a&#8230;<br><\/p>\n\n\n\n<p>Je\u017celi autorzy pracy nosz\u0105 to samo nazwisko, stosuje si\u0119 standardowy zapis z nazwiskami i rokiem<\/p>\n\n\n\n<p class=\"has-vivid-cyan-blue-color has-text-color\">(Nowak i Nowak, 2002)<\/p>\n\n\n\n<ul class=\"wp-block-list\">\n<li><strong>brak autora<\/strong><\/li>\n<\/ul>\n\n\n\n<p>Je\u015bli nie ma autora \u2013 w tek\u015bcie podajemy tytu\u0142 pracy (ksi\u0105\u017cki, s\u0142owniki zapisujemy kursyw\u0105). Je\u015bli tytu\u0142 jest d\u0142ugi. mo\u017cna poda\u0107 tylko jego pocz\u0105tek (3 pierwsze s\u0142owa).<\/p>\n\n\n\n<h3 class=\"wp-block-heading\">Bibliografia<\/h3>\n\n\n\n<p>W zale\u017cno\u015bci od u\u017cytych materia\u0142\u00f3w powinna zawiera\u0107 podzia\u0142 na: archiwalia, prasa, literatura<\/p>\n\n\n\n<ul class=\"wp-block-list\">\n<li>archiwalia<\/li>\n<\/ul>\n\n\n\n<p>Dane autora (je\u015bli s\u0105 dost\u0119pne), data dokumentu, tytu\u0142 dokumentu, nazwa zespo\u0142u, szczeg\u00f3\u0142y lokalizacji dokumentu (seria, sygnatura itp.), nazwa archiwum, a tak\u017ce miasto i kraj, w kt\u00f3rym znajduje si\u0119 archiwum. Je\u015bli dokument nie ma w\u0142asnej nazwy\/tytu\u0142u to w nawiasach kwadratowych i bez kursywy podaje si\u0119 opis dokumentu<\/p>\n\n\n\n<p class=\"has-vivid-cyan-blue-color has-text-color\">Kraszewski,&nbsp;J.&nbsp;I. (1876, 19 lutego). [List do Kazimierza Bartoszewicza]. Archiwum rodziny Bartoszewicz\u00f3w (Sygn.&nbsp;3145, S.&nbsp;2), Archiwum Pa\u0144stwowe w \u0141odzi, \u0141\u00f3d\u017a, Polska.<\/p>\n\n\n\n<p class=\"has-vivid-cyan-blue-color has-text-color\">[List Danysza z Instytutu Pasteura w Pary\u017cu informuj\u0105cy o armii polskiej na Zachodzie]. (1917, 7 stycznia). Akta Bronis\u0142awa Pi\u0142sudskiego (Sygn.&nbsp;10, K.&nbsp;1), Archiwum Akt Nowych, Warszawa, Polska. <a rel=\"noreferrer noopener\" href=\"https:\/\/www.aan.gov.pl\/galeria,art,763,bronislaw-pilsudski-dzialacz-niepodleglosciowy-zeslaniec-etnograf\" target=\"_blank\">https:\/\/www.aan.gov.pl\/galeria,art,763,bronislaw-pilsudski-dzialacz-niepodleglosciowy-zeslaniec-etnograf<\/a><\/p>\n\n\n\n<p class=\"has-vivid-cyan-blue-color has-text-color\">Akta maj\u0105tku Schaffgotsch\u00f3w w Cieplicach, pow. jeleniog\u00f3rski (153\/0), Archiwum Pa\u0144stwowe we Wroc\u0142awiu, Wroc\u0142aw, Polska.<\/p>\n\n\n\n<ul class=\"wp-block-list\">\n<li>artyku\u0142 w czasopi\u015bmie<\/li>\n<\/ul>\n\n\n\n<p>Nazwisko1, X., Nazwisko2, X. Y., Nazwisko3, Z. (rok). Tytu\u0142 artyku\u0142u. <em>Tytu\u0142 Czasopisma, nr rocznika<\/em>(nr zeszytu), strona pocz\u0105tku\u2013strona ko\u0144ca.<\/p>\n\n\n\n<p class=\"has-vivid-cyan-blue-color has-text-color\">Stelmach, R. (2009). Arkadiusz Kuzio-Podrucki. Schaffgotschowie zmienne losy \u015bl\u0105skiej arystokracji, Bytom 2007. <em>Rocznik Jeleniog\u00f3rski, 41<\/em>, s. 219\u2013220.<\/p>\n\n\n\n<p class=\"has-vivid-cyan-blue-color has-text-color\">Antoszewska, K. L. (2015). \u201eThis is Mordor!\u201d Usytuowanie zjawiska fantastyki w ruchu odtw\u00f3rstwa historycznego epok staro\u017cytno\u015bci i \u015bredniowiecza. <em>Etnografia Polska, 59<\/em>(1\u20132), s. 125\u2013140.<\/p>\n\n\n\n<ul class=\"wp-block-list\">\n<li>artyku\u0142 posiadaj\u0105cy Digital Object Identifier (DOI): numer DOI nale\u017cy poda\u0107 na ko\u0144cu zapisu bibliograficznego w formie linku<\/li>\n<\/ul>\n\n\n\n<p>Nazwisko1, X., Nazwisko2, X. Y. (rok). Tytu\u0142 artyku\u0142u. <em>Tytu\u0142 Czasopisma, nr rocznika<\/em>(nr zeszytu), strona pocz\u0105tku\u2013strona ko\u0144ca. https:\/\/doi.org\/xxxxx<\/p>\n\n\n\n<ul class=\"wp-block-list\">\n<li>ksi\u0105\u017cka<\/li>\n<\/ul>\n\n\n\n<p>Nazwisko1, X., Nazwisko2, X. Y. (rok). <em>Tytu\u0142 ksi\u0105\u017cki<\/em>. Wydawnictwo.<\/p>\n\n\n\n<p class=\"has-vivid-cyan-blue-color has-text-color\">Halada, J. (1999). <em>Lexicon \u010desk\u00e9 \u0161lechty<\/em>. Akropolis.<\/p>\n\n\n\n<p class=\"has-vivid-cyan-blue-color has-text-color\">Polender,&nbsp;A. (2001).&nbsp;<em>Pojedynek z nerwic\u0105<\/em> (wyd.&nbsp;3). Gda\u0144skie Wydawnictwo Psychologiczne.<\/p>\n\n\n\n<p class=\"has-vivid-cyan-blue-color has-text-color\">Szekspir,&nbsp;W. (1995). <em>Romeo i Julia<\/em> (J. Paszkowski, T\u0142um.). Sternik. (Orygina\u0142 zosta\u0142 opublikowany ok. 1591\u20131595&nbsp;r.)<\/p>\n\n\n\n<p class=\"has-vivid-cyan-blue-color has-text-color\">Fiszer,&nbsp;J.&nbsp;M., i Czasak,&nbsp;M. (2019). <em>Tr\u00f3jk\u0105t Weimarski: Geneza i dzia\u0142alno\u015b\u0107 na rzecz integracji Europy w latach 1991-2016<\/em>. Instytut Studi\u00f3w Politycznych Polskiej Akademii Nauk; Polsko-Niemiecka Fundacja na rzecz Nauki.<\/p>\n\n\n\n<ul class=\"wp-block-list\">\n<li>ksi\u0105\u017cka napisana pod redakcj\u0105<\/li>\n<\/ul>\n\n\n\n<p>Nazwisko, X. (red.). (rok). <em>Tytu\u0142 ksi\u0105\u017cki<\/em>. Wydawnictwo.<\/p>\n\n\n\n<p class=\"has-vivid-cyan-blue-color has-text-color\">Grabski, M. (Red.). (2006). <em>Zabytki sztuki w Polsce. \u015al\u0105sk.<\/em> Krajowy O\u015brodek Bada\u0144 i Dokumentacji Zabytk\u00f3w.<\/p>\n\n\n\n<ul class=\"wp-block-list\">\n<li>ksi\u0105\u017cka bez autora<\/li>\n<\/ul>\n\n\n\n<p><em>Tytu\u0142 ksi\u0105\u017cki<\/em>. (rok). Wydawnictwo.<\/p>\n\n\n\n<p class=\"has-vivid-cyan-blue-color has-text-color\"><em>Allgemeine Deutsche Biographie <\/em>(T. 30). (1890). Verlag von Duncker i Humboldt.<\/p>\n\n\n\n<p class=\"has-vivid-cyan-blue-color has-text-color\"><em>Piastowie. Leksykon biograficzny. <\/em>(1999). Wydawnictwo Literackie.<\/p>\n\n\n\n<ul class=\"wp-block-list\">\n<li>wydawnictwo wielotomowe<\/li>\n<\/ul>\n\n\n\n<p>Nazwisko, X. (rok). <em>Tytu\u0142 ksi\u0105\u017cki<\/em>. (T. X). Wydawnictwo.<\/p>\n\n\n\n<p>Nazwisko, X. (red.). (rok). <em>Tytu\u0142 ksi\u0105\u017cki<\/em>. <em>T. X. Tytu\u0142 tomu.<\/em> Wydawnictwo.<\/p>\n\n\n\n<p class=\"has-vivid-cyan-blue-color has-text-color\">Kosecki, A. (Red.). (2013). <em>M\u0142odo\u015b\u0107 Historii: rekonstrukcja historyczna na Kujawach i Pomorzu jako pasja i przedmiot bada\u0144 naukowych.<\/em> (T. 1). Urz\u0105d Marsza\u0142kowski Wojew\u00f3dztwa Kujawsko-Pomorskiego.<\/p>\n\n\n\n<p class=\"has-vivid-cyan-blue-color has-text-color\">Bla\u017aek, C. (1885). <em>J. Siebmacher\u2019s grosses und allgemeines Wappenbuch: T. 4(11) Der Adel von \u00d6sterreichisch Schlesien<\/em>. Verlag von Bauer und Raspe.<\/p>\n\n\n\n<p class=\"has-vivid-cyan-blue-color has-text-color\">Gr\u00fcnhagen, C. (1881). <em>Geschichte des Ersten schlesischen Krieges: T. 1. Friedrich<\/em>. Andreas Perthes Verlag.<\/p>\n\n\n\n<p class=\"has-vivid-cyan-blue-color has-text-color\">Maleczy\u0144ski, K. (Red.). (1963). <em>Historia \u015al\u0105ska: T. 1. Do roku 1763. Cz\u0119\u015b\u0107 III od ko\u0144ca XVI w. do r. 1763. <\/em>Zak\u0142ad Narodowy im. Ossoli\u0144skich Wyd. PAN.<\/p>\n\n\n\n<ul class=\"wp-block-list\">\n<li>rozdzia\u0142 w pracy zbiorowej<\/li>\n<\/ul>\n\n\n\n<p>Nazwisko, X. (rok). Tytu\u0142 rozdzia\u0142u. W: Y. Nazwisko i B. Nazwisko (red.), Tytu\u0142 ksi\u0105\u017cki (s. strona pocz\u0105tku\u2013strona ko\u0144ca). Wydawnictwo.<\/p>\n\n\n\n<p class=\"has-vivid-cyan-blue-color has-text-color\">Schindling, A. (1990). Friedrich des Gro\u00dfen Toleranz und seine katholischen Untertanten. W: P. Baumgart (Red.), <em>Kontinuit\u00e4t und Wandel. Schlesien zwischen \u00d6sterreich und Preu\u00dfen<\/em>. Jan Thorbecke Verlag.<\/p>\n\n\n\n<p class=\"has-vivid-cyan-blue-color has-text-color\">Bogacki, M. (2010). \u201eW\u017cywanie si\u0119\u201d w przesz\u0142o\u015b\u0107 \u2013 odtw\u00f3rstwo historyczne a nauka. W: K. Obremski i J. Wenta (Red.), <em>Recepcja kultury \u015bredniowiecznej w humanistyce<\/em> (T. 1, s. 153\u2013196). Wydawnictwo Naukowe Uniwersytetu Miko\u0142aja Kopernika.<\/p>\n\n\n\n<ul class=\"wp-block-list\">\n<li>rozdzia\u0142 w kolejnym wydaniu pracy zbiorowej, posiadaj\u0105cym numer DOI<\/li>\n<\/ul>\n\n\n\n<p>Nazwisko1, X., Nazwisko2, Y. (rok). Tytu\u0142 rozdzia\u0142u. W: Z. Nazwisko (red.), Tytu\u0142 ksi\u0105\u017cki (wyd. nr wydania, s. strona pocz\u0105tku\u2013strona ko\u0144ca). Wydawnictwo. https:\/\/doi.org\/xxxxx<\/p>\n\n\n\n<ul class=\"wp-block-list\">\n<li>prasa<\/li>\n<\/ul>\n\n\n\n<p>Dane autora (autorzy). (Rok, data wydania). Tytu\u0142 artyku\u0142u. <em>Nazwa gazety<\/em>, numer tomu(numer wydania), strony. URL<\/p>\n\n\n\n<p class=\"has-vivid-cyan-blue-color has-text-color\">Der Aufruhr in Oberschlesien. (1921, 06 Mai). <em>Frankfurter Zeitung<\/em>, 332.<\/p>\n\n\n\n<p class=\"has-vivid-cyan-blue-color has-text-color\">\u0141ysiak,&nbsp;T. (2020, 8 kwietnia). Krzy\u017c morowy. Pot\u0119ga \u201ekarawaki\u201d. <em>Gazeta Polska<\/em>, (15), 14.<\/p>\n\n\n\n<ul class=\"wp-block-list\">\n<li>tekst na stronie internetowej, kt\u00f3ry nie jest artyku\u0142em w czasopi\u015bmie, ksi\u0105\u017ck\u0105 ani rozdzia\u0142em w ksi\u0105\u017cce: nale\u017cy poda\u0107 autora, dat\u0119 publikacji (je\u015bli jest znana), tytu\u0142, a nast\u0119pnie adres strony internetowej<\/li>\n<\/ul>\n\n\n\n<p>Nazwisko, X. (rok). Tytu\u0142 tekstu. https:\/\/xxxxx<\/p>\n\n\n\n<p class=\"has-vivid-cyan-blue-color has-text-color\">Kaczmarek, R. (2015). \u201eDer oberschlesische Wanderer\u201d. Encyklopedia Wojew\u00f3dztwa \u015al\u0105skiego (T. 9). http:\/\/ibrbs.pl\/mediawiki\/index.php\/Der_Oberschlesische_Wanderer<\/p>\n\n\n\n<p>Je\u017celi data publikacji tekstu znajduj\u0105cego si\u0119 na stronie internetowej nie jest znana, nale\u017cy w miejscu daty wpisa\u0107 b.d. oraz wskaza\u0107 dat\u0119 pobrania tekstu, u\u017cywaj\u0105c sformu\u0142owania Pobrane dok\u0142adna data z: adres strony internetowej (bez kropki na ko\u0144cu):<br>Nazwisko, X. (b.d.). Tytu\u0142 tekstu. Pobrane 24 marca 2020 z: https:\/\/xxxxx<\/p>\n\n\n\n<p class=\"has-vivid-cyan-blue-color has-text-color\">Warzecha, B. (b.d.). <em>Polskie t\u0142umaczenie wyroku na ks. Jana Mach\u0119<\/em>. Ksi\u0105dz Jan Macha. https:\/\/janmacha.gosc.pl\/temat\/2020\/04\/10\/Polskie-tlumaczenie-wyroku-na-ks-Jana-Mache<\/p>\n\n\n\n<p><\/p>\n\n\n\n<p>Opracowano na podstawie:<\/p>\n\n\n\n<p>Skimina, E., Harasimczuk, J., Cieciuch J. (2022). <em>Podstawowe standardy edytorskie naukowych tekst\u00f3w psychologicznych w j\u0119zyku polskim na podstawie regu\u0142 APA 7.<\/em> Wydawnictwo Liberi Libri https:\/\/doi.org\/10.47943\/lib.9788363487560 <\/p>\n\n\n\n<p>Grafiati. (2020, 16 czerwca). <em>Przyk\u0142ady sporz\u0105dzania odniesie\u0144 wed\u0142ug APA (edycja 7) w wykazie u\u017cywanych \u017ar\u00f3de\u0142<\/em>. <a href=\"https:\/\/www.grafiati.com\/pl\/info\/apa-7\/examples\/\" target=\"_blank\" rel=\"noreferrer noopener\">https:\/\/www.grafiati.com\/pl\/info\/apa-7\/examples\/<\/a><\/p>\n\n\n\n<p><\/p>\n\n\n\n<p><\/p>\n","protected":false},"excerpt":{"rendered":"<p>Artyku\u0142 powinien by\u0107 zredagowany zgodnie z&nbsp;wytycznymi przedstawionymi poni\u017cej. Redagowanie tekstu naukowego w stylu APA edycja 7 Tekst g\u0142\u00f3wny Przypisy Przypisy uzupe\u0142niaj\u0105ce podstawowe informacje zawarte w tek\u015bcie g\u0142\u00f3wnym nale\u017cy umie\u015bci\u0107 na dole strony i numerowa\u0107 u\u017cywaj\u0105c cyfr arabskich. Odsy\u0142acze W przypadku w\u0105tpliwo\u015bci jak skonstruowa\u0107 przypis lub zapis bibliograficzny polecamy skorzystanie z generatora przypis\u00f3w. Zasady og\u00f3lne Odwo\u0142ania<\/p>\n<div class=\"read-more-wrapper\"><a class=\"read-more\" href=\"https:\/\/ibr.bs.katowice.pl\/?page_id=3622\" title=\"Read More\"> <span class=\"button \">Read More<\/span><\/a><\/div>\n","protected":false},"author":2,"featured_media":0,"parent":0,"menu_order":0,"comment_status":"closed","ping_status":"closed","template":"","meta":{"footnotes":""},"class_list":["post-3622","page","type-page","status-publish","hentry"],"_links":{"self":[{"href":"https:\/\/ibr.bs.katowice.pl\/index.php?rest_route=\/wp\/v2\/pages\/3622","targetHints":{"allow":["GET"]}}],"collection":[{"href":"https:\/\/ibr.bs.katowice.pl\/index.php?rest_route=\/wp\/v2\/pages"}],"about":[{"href":"https:\/\/ibr.bs.katowice.pl\/index.php?rest_route=\/wp\/v2\/types\/page"}],"author":[{"embeddable":true,"href":"https:\/\/ibr.bs.katowice.pl\/index.php?rest_route=\/wp\/v2\/users\/2"}],"replies":[{"embeddable":true,"href":"https:\/\/ibr.bs.katowice.pl\/index.php?rest_route=%2Fwp%2Fv2%2Fcomments&post=3622"}],"version-history":[{"count":39,"href":"https:\/\/ibr.bs.katowice.pl\/index.php?rest_route=\/wp\/v2\/pages\/3622\/revisions"}],"predecessor-version":[{"id":3951,"href":"https:\/\/ibr.bs.katowice.pl\/index.php?rest_route=\/wp\/v2\/pages\/3622\/revisions\/3951"}],"wp:attachment":[{"href":"https:\/\/ibr.bs.katowice.pl\/index.php?rest_route=%2Fwp%2Fv2%2Fmedia&parent=3622"}],"curies":[{"name":"wp","href":"https:\/\/api.w.org\/{rel}","templated":true}]}}