{"id":3599,"date":"2023-02-13T10:11:34","date_gmt":"2023-02-13T09:11:34","guid":{"rendered":"https:\/\/ibr.bs.katowice.pl\/?page_id=3599"},"modified":"2023-06-13T08:52:45","modified_gmt":"2023-06-13T06:52:45","slug":"rada-redakcyjna","status":"publish","type":"page","link":"https:\/\/ibr.bs.katowice.pl\/?page_id=3599","title":{"rendered":"Rada Redakcyjna"},"content":{"rendered":"\n<h2 class=\"has-text-align-center wp-block-heading\" style=\"font-style:normal;font-weight:400\">Przewodnicz\u0105cy:<\/h2>\n\n\n\n<p class=\"has-text-align-center has-medium-font-size\"><strong>dr hab. Maciej Fic, prof. U\u015a<\/strong>, Instytut Historii Uniwersytetu \u015al\u0105skiego<\/p>\n\n\n\n<h2 class=\"has-text-align-center wp-block-heading\" style=\"font-style:normal;font-weight:400\">Zast\u0119pcy:<\/h2>\n\n\n\n<p class=\"has-text-align-center has-medium-font-size\"><strong>dr hab. Lech Nijakowski,<\/strong> <strong>prof. UW<\/strong>, Wydzia\u0142 Socjologii Uniwersytetu Warszawskiego<\/p>\n\n\n\n<p class=\"has-text-align-center has-medium-font-size\"><strong>dr hab. Tomasz Przerwa, prof. UWr<\/strong>, Wydzia\u0142 Nauk Historycznych i Pedagogicznych Uniwersytetu Wroc\u0142awskiego<\/p>\n\n\n\n<p><\/p>\n\n\n\n<p class=\"has-medium-font-size\"><strong>dr hab. Marek Bia\u0142okur,<\/strong> <strong>prof. UO<\/strong>, Instytut Historii Uniwersytetu Opolskiego<\/p>\n\n\n\n<p class=\"has-medium-font-size\"><strong>dr hab. Przemys\u0142aw Chojnowski<\/strong>, <em>Institut<\/em> f\u00fcr <em>Slawistik<\/em> der <em>Universit\u00e4t Wien<\/em><\/p>\n\n\n\n<p class=\"has-medium-font-size\"><strong>dr hab. Marian G. Gerlich<\/strong>, redaktor naczelny \u201eZarania \u015al\u0105skiego\u201d w latach 1985-1992<\/p>\n\n\n\n<p class=\"has-medium-font-size\"><strong>dr hab. Wac\u0142aw Gojniczek, prof. U\u015a<\/strong>, Instytut Historii Uniwersytetu \u015al\u0105skiego<\/p>\n\n\n\n<p class=\"has-medium-font-size\"><strong>dr Radim Je\u017e<\/strong>, Muzeum T\u011b\u0161\u00ednska<\/p>\n\n\n\n<p class=\"has-medium-font-size\"><strong>dr Krzysztof Karwat<\/strong>, redaktor naczelny kwartalnika \u201eFabryka Silesia\u201d (2015-2018)<\/p>\n\n\n\n<p class=\"has-medium-font-size\"><strong>dr hab. Irma Kozina<\/strong>,<strong> prof. ASP w Katowicach<\/strong>, Akademia Sztuk Pi\u0119knych w Katowicach, Akademia Sztuk Pi\u0119knych w Krakowie<\/p>\n\n\n\n<p class=\"has-medium-font-size\"><strong>dr hab. Ewa Michna, prof. UJ<\/strong>, Wydzia\u0142 Studi\u00f3w Mi\u0119dzynarodowych i Politycznych Uniwersytetu Jagiello\u0144skiego<\/p>\n\n\n\n<p class=\"has-medium-font-size\"><strong>dr hab. Micha\u0142 Rauszer<\/strong>, Wydzia\u0142 Pedagogiczny Uniwersytetu Warszawskiego<\/p>\n\n\n\n<p class=\"has-medium-font-size\"><strong>dr Roman Smolorz<\/strong>, Institut f\u00fcr Geschichte der Universit\u00e4t Regensburg<\/p>\n\n\n\n<p class=\"has-medium-font-size\"><strong>prof. dr hab. Gra\u017cyna B. Szewczyk<\/strong>, Instytut Filologii Germa\u0144skiej Uniwersytetu Warszawskiego<\/p>\n","protected":false},"excerpt":{"rendered":"<p>Przewodnicz\u0105cy: dr hab. Maciej Fic, prof. U\u015a, Instytut Historii Uniwersytetu \u015al\u0105skiego Zast\u0119pcy: dr hab. Lech Nijakowski, prof. UW, Wydzia\u0142 Socjologii Uniwersytetu Warszawskiego dr hab. Tomasz Przerwa, prof. UWr, Wydzia\u0142 Nauk Historycznych i Pedagogicznych Uniwersytetu Wroc\u0142awskiego dr hab. Marek Bia\u0142okur, prof. UO, Instytut Historii Uniwersytetu Opolskiego dr hab. Przemys\u0142aw Chojnowski, Institut f\u00fcr Slawistik der Universit\u00e4t Wien<\/p>\n<div class=\"read-more-wrapper\"><a class=\"read-more\" href=\"https:\/\/ibr.bs.katowice.pl\/?page_id=3599\" title=\"Read More\"> <span class=\"button \">Read More<\/span><\/a><\/div>\n","protected":false},"author":2,"featured_media":0,"parent":0,"menu_order":0,"comment_status":"closed","ping_status":"closed","template":"","meta":{"footnotes":""},"class_list":["post-3599","page","type-page","status-publish","hentry"],"_links":{"self":[{"href":"https:\/\/ibr.bs.katowice.pl\/index.php?rest_route=\/wp\/v2\/pages\/3599","targetHints":{"allow":["GET"]}}],"collection":[{"href":"https:\/\/ibr.bs.katowice.pl\/index.php?rest_route=\/wp\/v2\/pages"}],"about":[{"href":"https:\/\/ibr.bs.katowice.pl\/index.php?rest_route=\/wp\/v2\/types\/page"}],"author":[{"embeddable":true,"href":"https:\/\/ibr.bs.katowice.pl\/index.php?rest_route=\/wp\/v2\/users\/2"}],"replies":[{"embeddable":true,"href":"https:\/\/ibr.bs.katowice.pl\/index.php?rest_route=%2Fwp%2Fv2%2Fcomments&post=3599"}],"version-history":[{"count":15,"href":"https:\/\/ibr.bs.katowice.pl\/index.php?rest_route=\/wp\/v2\/pages\/3599\/revisions"}],"predecessor-version":[{"id":3814,"href":"https:\/\/ibr.bs.katowice.pl\/index.php?rest_route=\/wp\/v2\/pages\/3599\/revisions\/3814"}],"wp:attachment":[{"href":"https:\/\/ibr.bs.katowice.pl\/index.php?rest_route=%2Fwp%2Fv2%2Fmedia&parent=3599"}],"curies":[{"name":"wp","href":"https:\/\/api.w.org\/{rel}","templated":true}]}}