{"id":1962,"date":"2017-06-19T11:38:34","date_gmt":"2017-06-19T11:38:34","guid":{"rendered":"http:\/\/ibr.bs.katowice.pl\/?page_id=1962"},"modified":"2017-06-20T12:11:14","modified_gmt":"2017-06-20T12:11:14","slug":"wrzesien","status":"publish","type":"page","link":"https:\/\/ibr.bs.katowice.pl\/?page_id=1962","title":{"rendered":"Wrzesie\u0144"},"content":{"rendered":"<p>Kalendarium prezentuje wybrane wydarzenia i b\u0119dzie sukcesywnie uzupe\u0142niane.<\/p>\n<p>&nbsp;<\/p>\n<table width=\"0\">\n<tbody>\n<tr>\n<td width=\"79\">Dzie\u0144<\/td>\n<td width=\"616\">Wydarzenie<\/td>\n<td width=\"79\">Rok<\/td>\n<\/tr>\n<tr>\n<td rowspan=\"2\" width=\"79\">1<\/td>\n<td width=\"616\">Agresja hitlerowskich Niemiec na Polsk\u0119, pocz\u0105tek II wojny \u015bwiatowej<\/td>\n<td width=\"79\">1939<\/td>\n<\/tr>\n<tr>\n<td width=\"616\">Walki by\u0142ych powsta\u0144c\u00f3w \u015bl\u0105skich i harcerzy w Chorzowie z boj\u00f3wkami Freikorpusu (trwaj\u0105ce do 4 wrze\u015bnia)<\/td>\n<td width=\"79\">1939<\/td>\n<\/tr>\n<tr>\n<td width=\"79\">2<\/td>\n<td width=\"616\">Zygmunt Jagiello\u0144czyk zosta\u0142 przez swojego brata, kr\u00f3la czeskiego W\u0142adys\u0142awa, mianowany namiestnikiem \u015al\u0105ska<\/td>\n<td width=\"79\">1504<\/td>\n<\/tr>\n<tr>\n<td width=\"79\">3<\/td>\n<td width=\"616\">Byli powsta\u0144cy \u015bl\u0105scy, harcerze i cywilna ludno\u015b\u0107 Katowic rozpocz\u0119li obron\u0119 miasta przed hitlerowskim naje\u017ad\u017ac\u0105<\/td>\n<td width=\"79\">1939<\/td>\n<\/tr>\n<tr>\n<td rowspan=\"3\" width=\"79\">4<\/td>\n<td width=\"616\">Zmar\u0142 ks. Antoni Stabik<\/td>\n<td width=\"79\">1887<\/td>\n<\/tr>\n<tr>\n<td width=\"616\">Walki powsta\u0144c\u00f3w \u015bl\u0105skich i harcerzy w Katowicach, hitlerowcy rozstrzelali ponad 750 obro\u0144c\u00f3w miasta<\/td>\n<td width=\"79\">1939<\/td>\n<\/tr>\n<tr>\n<td width=\"616\">Na podstawie rozporz\u0105dzenia szefa G\u0142\u00f3wnego Urz\u0119du Bezpiecze\u0144stwa III Rzeszy przesz\u0142a przez G\u00f3rny \u015al\u0105sk pierwsza fala masowych aresztowa\u0144<\/td>\n<td width=\"79\">1939<\/td>\n<\/tr>\n<tr>\n<td width=\"79\">5<\/td>\n<td width=\"616\">Podpalenie synagogi \u017cydowskiej w Mys\u0142owicach i dewastacja okolicznego cmentarza \u017cydowskiego<\/td>\n<td width=\"79\">1939<\/td>\n<\/tr>\n<tr>\n<td rowspan=\"2\" width=\"79\">6<\/td>\n<td width=\"616\">W miejsce rozwi\u0105zanej Polskiej Organizacji Wojskowej powo\u0142ano konspiracyjn\u0105 polsk\u0105 organizacj\u0119 bojow\u0105 na G\u00f3rnym \u015al\u0105sku<\/td>\n<td width=\"79\">1920<\/td>\n<\/tr>\n<tr>\n<td width=\"616\">Micha\u0142 Gra\u017cy\u0144ski przej\u0105\u0142 obowi\u0105zki wojewody \u015bl\u0105skiego<\/td>\n<td width=\"79\">1926<\/td>\n<\/tr>\n<tr>\n<td width=\"79\">7<\/td>\n<td width=\"616\"><\/td>\n<td width=\"79\"><\/td>\n<\/tr>\n<tr>\n<td width=\"79\">8<\/td>\n<td width=\"616\">Spalenie synagogi w Katowicach<\/td>\n<td width=\"79\">1939<\/td>\n<\/tr>\n<tr>\n<td width=\"79\">9<\/td>\n<td width=\"616\">Urodzi\u0142 si\u0119 Stanis\u0142aw Drzyma\u0142a<\/td>\n<td width=\"79\">1889<\/td>\n<\/tr>\n<tr>\n<td width=\"79\">10<\/td>\n<td width=\"616\"><\/td>\n<td width=\"79\"><\/td>\n<\/tr>\n<tr>\n<td rowspan=\"2\" width=\"79\">11<\/td>\n<td width=\"616\">Urodzi\u0142 si\u0119 ks. Biskup Bernard Bogedain<\/td>\n<td width=\"79\">1810<\/td>\n<\/tr>\n<tr>\n<td width=\"616\">Katowicom nadano prawa miejskie<\/td>\n<td width=\"79\">1865<\/td>\n<\/tr>\n<tr>\n<td width=\"79\">12<\/td>\n<td width=\"616\"><\/td>\n<td width=\"79\"><\/td>\n<\/tr>\n<tr>\n<td rowspan=\"2\" width=\"79\">13<\/td>\n<td width=\"616\">W\u0142adze niemieckie wyda\u0142y rozkaz wysiedlenia za rzek\u0119 San g\u00f3rno\u015bl\u0105skich \u017byd\u00f3w<\/td>\n<td width=\"79\">1939<\/td>\n<\/tr>\n<tr>\n<td width=\"616\">Spalenie synagogi w Bielsku<\/td>\n<td width=\"79\">1939<\/td>\n<\/tr>\n<tr>\n<td width=\"79\">14<\/td>\n<td width=\"616\">Urodzi\u0142 si\u0119 ks. Konstanty Damrot<\/td>\n<td width=\"79\">1841<\/td>\n<\/tr>\n<tr>\n<td width=\"79\">15<\/td>\n<td width=\"616\"><\/td>\n<td width=\"79\"><\/td>\n<\/tr>\n<tr>\n<td width=\"79\">16<\/td>\n<td width=\"616\"><\/td>\n<td width=\"79\"><\/td>\n<\/tr>\n<tr>\n<td rowspan=\"2\" width=\"79\">17<\/td>\n<td width=\"616\">Katowickiemu teatrowi nadano imi\u0119 Stanis\u0142awa Wyspia\u0144skiego<\/td>\n<td width=\"79\">1936<\/td>\n<\/tr>\n<tr>\n<td width=\"616\">Zgin\u0105\u0142 J\u00f3zef Ryszka<\/td>\n<td width=\"79\">1943<\/td>\n<\/tr>\n<tr>\n<td width=\"79\">18<\/td>\n<td width=\"616\"><\/td>\n<td width=\"79\"><\/td>\n<\/tr>\n<tr>\n<td width=\"79\">19<\/td>\n<td width=\"616\"><\/td>\n<td width=\"79\"><\/td>\n<\/tr>\n<tr>\n<td width=\"79\">20<\/td>\n<td width=\"616\">Urodzi\u0142 si\u0119 Jan Wantu\u0142a<\/td>\n<td width=\"79\">1877<\/td>\n<\/tr>\n<tr>\n<td width=\"79\">21<\/td>\n<td width=\"616\"><\/td>\n<td width=\"79\"><\/td>\n<\/tr>\n<tr>\n<td width=\"79\">22<\/td>\n<td width=\"616\"><\/td>\n<td width=\"79\"><\/td>\n<\/tr>\n<tr>\n<td width=\"79\">23<\/td>\n<td width=\"616\"><\/td>\n<td width=\"79\"><\/td>\n<\/tr>\n<tr>\n<td width=\"79\">24<\/td>\n<td width=\"616\">Odby\u0142y si\u0119 pierwsze wybory do Sejmu \u015al\u0105skiego<\/td>\n<td width=\"79\">1922<\/td>\n<\/tr>\n<tr>\n<td width=\"79\">25<\/td>\n<td width=\"616\"><\/td>\n<td width=\"79\"><\/td>\n<\/tr>\n<tr>\n<td width=\"79\">26<\/td>\n<td width=\"616\">Aresztowanie Wojciecha Korfantego<\/td>\n<td width=\"79\">1930<\/td>\n<\/tr>\n<tr>\n<td width=\"79\">27<\/td>\n<td width=\"616\"><\/td>\n<td width=\"79\"><\/td>\n<\/tr>\n<tr>\n<td rowspan=\"2\" width=\"79\">28<\/td>\n<td width=\"616\">Inauguracja Pa\u0144stwowego Konserwatorium Muzycznego w Katowicach<\/td>\n<td width=\"79\">1929<\/td>\n<\/tr>\n<tr>\n<td rowspan=\"2\" width=\"616\"><\/td>\n<td rowspan=\"2\" width=\"79\"><\/td>\n<\/tr>\n<tr>\n<td rowspan=\"2\" width=\"79\">29<\/td>\n<\/tr>\n<tr>\n<td width=\"616\">Urodzi\u0142 si\u0119 ks. Emil Szramek<\/td>\n<td width=\"79\">1887<\/td>\n<\/tr>\n<tr>\n<td width=\"79\">30<\/td>\n<td width=\"616\"><\/td>\n<td width=\"79\"><\/td>\n<\/tr>\n<\/tbody>\n<\/table>\n","protected":false},"excerpt":{"rendered":"<p>Kalendarium prezentuje wybrane wydarzenia i b\u0119dzie sukcesywnie uzupe\u0142niane. &nbsp; Dzie\u0144 Wydarzenie Rok 1 Agresja hitlerowskich Niemiec na Polsk\u0119, pocz\u0105tek II wojny \u015bwiatowej 1939 Walki by\u0142ych powsta\u0144c\u00f3w \u015bl\u0105skich i harcerzy w Chorzowie z boj\u00f3wkami Freikorpusu (trwaj\u0105ce do 4 wrze\u015bnia) 1939 2 Zygmunt Jagiello\u0144czyk zosta\u0142 przez swojego brata, kr\u00f3la czeskiego W\u0142adys\u0142awa, mianowany namiestnikiem \u015al\u0105ska 1504 3 Byli<\/p>\n<div class=\"read-more-wrapper\"><a class=\"read-more\" href=\"https:\/\/ibr.bs.katowice.pl\/?page_id=1962\" title=\"Read More\"> <span class=\"button \">Read More<\/span><\/a><\/div>\n","protected":false},"author":2,"featured_media":0,"parent":1943,"menu_order":0,"comment_status":"closed","ping_status":"closed","template":"","meta":{"footnotes":""},"class_list":["post-1962","page","type-page","status-publish","hentry"],"_links":{"self":[{"href":"https:\/\/ibr.bs.katowice.pl\/index.php?rest_route=\/wp\/v2\/pages\/1962","targetHints":{"allow":["GET"]}}],"collection":[{"href":"https:\/\/ibr.bs.katowice.pl\/index.php?rest_route=\/wp\/v2\/pages"}],"about":[{"href":"https:\/\/ibr.bs.katowice.pl\/index.php?rest_route=\/wp\/v2\/types\/page"}],"author":[{"embeddable":true,"href":"https:\/\/ibr.bs.katowice.pl\/index.php?rest_route=\/wp\/v2\/users\/2"}],"replies":[{"embeddable":true,"href":"https:\/\/ibr.bs.katowice.pl\/index.php?rest_route=%2Fwp%2Fv2%2Fcomments&post=1962"}],"version-history":[{"count":0,"href":"https:\/\/ibr.bs.katowice.pl\/index.php?rest_route=\/wp\/v2\/pages\/1962\/revisions"}],"up":[{"embeddable":true,"href":"https:\/\/ibr.bs.katowice.pl\/index.php?rest_route=\/wp\/v2\/pages\/1943"}],"wp:attachment":[{"href":"https:\/\/ibr.bs.katowice.pl\/index.php?rest_route=%2Fwp%2Fv2%2Fmedia&parent=1962"}],"curies":[{"name":"wp","href":"https:\/\/api.w.org\/{rel}","templated":true}]}}