{"id":1959,"date":"2017-06-19T11:38:12","date_gmt":"2017-06-19T11:38:12","guid":{"rendered":"http:\/\/ibr.bs.katowice.pl\/?page_id=1959"},"modified":"2017-06-20T09:36:32","modified_gmt":"2017-06-20T09:36:32","slug":"lipiec","status":"publish","type":"page","link":"https:\/\/ibr.bs.katowice.pl\/?page_id=1959","title":{"rendered":"Sierpie\u0144"},"content":{"rendered":"<p>Kalendarium prezentuje wybrane wydarzenia i b\u0119dzie sukcesywnie uzupe\u0142niane.<\/p>\n<p>&nbsp;<\/p>\n<table width=\"0\">\n<tbody>\n<tr>\n<td width=\"72\">Dzie\u0144<\/td>\n<td width=\"571\">Wydarzenie<\/td>\n<td width=\"72\">Rok<\/td>\n<\/tr>\n<tr>\n<td rowspan=\"2\" width=\"72\">1<\/td>\n<td width=\"571\">Zmar\u0142 Jan Nikodem Jaro\u0144<\/td>\n<td width=\"72\">1922<\/td>\n<\/tr>\n<tr>\n<td width=\"571\">Zwolennicy Wojciecha Korfantego utworzyli zwi\u0105zek By\u0142ych Powsta\u0144c\u00f3w i \u017bo\u0142nierzy<\/td>\n<td width=\"72\">1925<\/td>\n<\/tr>\n<tr>\n<td width=\"72\">2<\/td>\n<td width=\"571\">&nbsp;<\/td>\n<td width=\"72\">&nbsp;<\/td>\n<\/tr>\n<tr>\n<td width=\"72\">3<\/td>\n<td width=\"571\">&nbsp;<\/td>\n<td width=\"72\">&nbsp;<\/td>\n<\/tr>\n<tr>\n<td width=\"72\">4<\/td>\n<td width=\"571\">Zmar\u0142 Emanuel Smo\u0142ka<\/td>\n<td width=\"72\">1854<\/td>\n<\/tr>\n<tr>\n<td width=\"72\">5<\/td>\n<td width=\"571\">&nbsp;<\/td>\n<td width=\"72\">&nbsp;<\/td>\n<\/tr>\n<tr>\n<td width=\"72\">6<\/td>\n<td width=\"571\">&nbsp;<\/td>\n<td width=\"72\">&nbsp;<\/td>\n<\/tr>\n<tr>\n<td width=\"72\">7<\/td>\n<td width=\"571\">Zmar\u0142 John Baildon<\/td>\n<td width=\"72\">1846<\/td>\n<\/tr>\n<tr>\n<td width=\"72\">8<\/td>\n<td width=\"571\">Urodzi\u0142a si\u0119 Zofia Kossak<\/td>\n<td width=\"72\">1890<\/td>\n<\/tr>\n<tr>\n<td width=\"72\">9<\/td>\n<td width=\"571\">&nbsp;<\/td>\n<td width=\"72\">&nbsp;<\/td>\n<\/tr>\n<tr>\n<td width=\"72\">10<\/td>\n<td width=\"571\">Urodzi\u0142 si\u0119 Kazimierz Kierzkowski<\/td>\n<td width=\"72\">1891<\/td>\n<\/tr>\n<tr>\n<td width=\"72\">11<\/td>\n<td width=\"571\">Na G\u00f3rnym \u015al\u0105sku rozpocz\u0105\u0142 si\u0119 strajk powszechny, kt\u00f3ry poprzedzi\u0142 wybuch I powstania \u015bl\u0105skiego<\/td>\n<td width=\"72\">1919<\/td>\n<\/tr>\n<tr>\n<td width=\"72\">12<\/td>\n<td width=\"571\">&nbsp;<\/td>\n<td width=\"72\">&nbsp;<\/td>\n<\/tr>\n<tr>\n<td rowspan=\"2\" width=\"72\">13<\/td>\n<td width=\"571\">Urodzi\u0142 si\u0119 Pawe\u0142 Stalmach<\/td>\n<td width=\"72\">1824<\/td>\n<\/tr>\n<tr>\n<td width=\"571\">Czwarta pielgrzymka Jana Paw\u0142a II do Polski (do 20 sierpnia)<\/td>\n<td width=\"72\">1991<\/td>\n<\/tr>\n<tr>\n<td width=\"72\">14<\/td>\n<td width=\"571\">\u015amier\u0107 o. Maksymiliana Kolbe<\/td>\n<td width=\"72\">1941<\/td>\n<\/tr>\n<tr>\n<td rowspan=\"2\" width=\"72\">15<\/td>\n<td width=\"571\">Zmar\u0142 Karol Miarka<\/td>\n<td width=\"72\">1882<\/td>\n<\/tr>\n<tr>\n<td width=\"571\">Oddzia\u0142y Grenzchutzu dokona\u0142y masakry na strajkuj\u0105cych g\u00f3rnikach kopalni ,,Mys\u0142owice&#8221;, co przyspieszy\u0142o wybuch I powstania \u015bl\u0105skiego<\/td>\n<td width=\"72\">1919<\/td>\n<\/tr>\n<tr>\n<td rowspan=\"3\" width=\"72\">16<\/td>\n<td width=\"571\">Urodzi\u0142 si\u0119 Augustyn \u015awider<\/td>\n<td width=\"72\">1886<\/td>\n<\/tr>\n<tr>\n<td width=\"571\">Urodzi\u0142 si\u0119 Alfons Zgrzebniok<\/td>\n<td width=\"72\">1891<\/td>\n<\/tr>\n<tr>\n<td width=\"571\">Wybuch I powstania \u015bl\u0105skiego<\/td>\n<td width=\"72\">1919<\/td>\n<\/tr>\n<tr>\n<td rowspan=\"3\" width=\"72\">17<\/td>\n<td width=\"571\">Zmar\u0142 Fryderyk II Hohenzollern<\/td>\n<td width=\"72\">1786<\/td>\n<\/tr>\n<tr>\n<td width=\"571\">Zamordowano Andrzeja Miel\u0119ckiego<\/td>\n<td width=\"72\">1920<\/td>\n<\/tr>\n<tr>\n<td width=\"571\">Zmar\u0142 Wojciech Korfanty<\/td>\n<td width=\"72\">1939<\/td>\n<\/tr>\n<tr>\n<td width=\"72\">18<\/td>\n<td width=\"571\">Gmach Sejmu \u015al\u0105skiego zosta\u0142 wpisany do rejestru zabytk\u00f3w<\/td>\n<td width=\"72\">1978<\/td>\n<\/tr>\n<tr>\n<td width=\"72\">19<\/td>\n<td width=\"571\">Wybuch II powstania \u015bl\u0105skiego<\/td>\n<td width=\"72\">1920<\/td>\n<\/tr>\n<tr>\n<td width=\"72\">20<\/td>\n<td width=\"571\">W Katowicach odby\u0142 si\u0119 pogrzeb Wojciecha Korfantego<\/td>\n<td width=\"72\">1939<\/td>\n<\/tr>\n<tr>\n<td width=\"72\">21<\/td>\n<td width=\"571\">Podczas wyprawy wiede\u0144skiej na G\u00f3rny \u015al\u0105sk wkroczy\u0142 kr\u00f3l Jan III Sobieski<\/td>\n<td width=\"72\">1683<\/td>\n<\/tr>\n<tr>\n<td width=\"72\">22<\/td>\n<td width=\"571\">&nbsp;<\/td>\n<td width=\"72\">&nbsp;<\/td>\n<\/tr>\n<tr>\n<td rowspan=\"2\" width=\"72\">23<\/td>\n<td width=\"571\">Pod \u0141aziskami toczy\u0142a si\u0119 ostatnia walka podczas I powstania \u015bl\u0105skiego<\/td>\n<td width=\"72\">1919<\/td>\n<\/tr>\n<tr>\n<td width=\"571\">W Sosnowcu odby\u0142 si\u0119 manifestacyjny pogrzeb ofiar I powstania \u015bl\u0105skiego<\/td>\n<td width=\"72\">1919<\/td>\n<\/tr>\n<tr>\n<td width=\"72\">24<\/td>\n<td width=\"571\">&nbsp;<\/td>\n<td width=\"72\">&nbsp;<\/td>\n<\/tr>\n<tr>\n<td rowspan=\"2\" width=\"72\">25<\/td>\n<td width=\"571\">Urodzi\u0142 si\u0119 Gustaw Morcinek<\/td>\n<td width=\"72\">1891<\/td>\n<\/tr>\n<tr>\n<td width=\"571\">Na wezwanie Wojciecha Korfantego przerwano dzia\u0142ania bojowe II powstania \u015bl\u0105skiego<\/td>\n<td width=\"72\">1920<\/td>\n<\/tr>\n<tr>\n<td width=\"72\">26<\/td>\n<td width=\"571\">&nbsp;<\/td>\n<td width=\"72\">&nbsp;<\/td>\n<\/tr>\n<tr>\n<td width=\"72\">27<\/td>\n<td width=\"571\">&nbsp;<\/td>\n<td width=\"72\">&nbsp;<\/td>\n<\/tr>\n<tr>\n<td width=\"72\">28<\/td>\n<td width=\"571\">Usta\u0142y dzia\u0142ania bojowe II powstania \u015bl\u0105skiego, rozwi\u0105zanie Polskiej Organizacji Wojskowej G\u00f3rnego \u015al\u0105ska<\/td>\n<td width=\"72\">1920<\/td>\n<\/tr>\n<tr>\n<td width=\"72\">29<\/td>\n<td width=\"571\">&nbsp;<\/td>\n<td width=\"72\">&nbsp;<\/td>\n<\/tr>\n<tr>\n<td width=\"72\">30<\/td>\n<td width=\"571\">&nbsp;<\/td>\n<td width=\"72\">&nbsp;<\/td>\n<\/tr>\n<tr>\n<td width=\"72\">31<\/td>\n<td width=\"571\">Urodzi\u0142 si\u0119 Jan Keller<\/td>\n<td width=\"72\">1896<\/td>\n<\/tr>\n<\/tbody>\n<\/table>\n","protected":false},"excerpt":{"rendered":"<p>Kalendarium prezentuje wybrane wydarzenia i b\u0119dzie sukcesywnie uzupe\u0142niane. &nbsp; Dzie\u0144 Wydarzenie Rok 1 Zmar\u0142 Jan Nikodem Jaro\u0144 1922 Zwolennicy Wojciecha Korfantego utworzyli zwi\u0105zek By\u0142ych Powsta\u0144c\u00f3w i \u017bo\u0142nierzy 1925 2 &nbsp; &nbsp; 3 &nbsp; &nbsp; 4 Zmar\u0142 Emanuel Smo\u0142ka 1854 5 &nbsp; &nbsp; 6 &nbsp; &nbsp; 7 Zmar\u0142 John Baildon 1846 8 Urodzi\u0142a si\u0119 Zofia Kossak<\/p>\n<div class=\"read-more-wrapper\"><a class=\"read-more\" href=\"https:\/\/ibr.bs.katowice.pl\/?page_id=1959\" title=\"Read More\"> <span class=\"button \">Read More<\/span><\/a><\/div>\n","protected":false},"author":2,"featured_media":0,"parent":1943,"menu_order":0,"comment_status":"closed","ping_status":"closed","template":"","meta":{"footnotes":""},"class_list":["post-1959","page","type-page","status-publish","hentry"],"_links":{"self":[{"href":"https:\/\/ibr.bs.katowice.pl\/index.php?rest_route=\/wp\/v2\/pages\/1959","targetHints":{"allow":["GET"]}}],"collection":[{"href":"https:\/\/ibr.bs.katowice.pl\/index.php?rest_route=\/wp\/v2\/pages"}],"about":[{"href":"https:\/\/ibr.bs.katowice.pl\/index.php?rest_route=\/wp\/v2\/types\/page"}],"author":[{"embeddable":true,"href":"https:\/\/ibr.bs.katowice.pl\/index.php?rest_route=\/wp\/v2\/users\/2"}],"replies":[{"embeddable":true,"href":"https:\/\/ibr.bs.katowice.pl\/index.php?rest_route=%2Fwp%2Fv2%2Fcomments&post=1959"}],"version-history":[{"count":0,"href":"https:\/\/ibr.bs.katowice.pl\/index.php?rest_route=\/wp\/v2\/pages\/1959\/revisions"}],"up":[{"embeddable":true,"href":"https:\/\/ibr.bs.katowice.pl\/index.php?rest_route=\/wp\/v2\/pages\/1943"}],"wp:attachment":[{"href":"https:\/\/ibr.bs.katowice.pl\/index.php?rest_route=%2Fwp%2Fv2%2Fmedia&parent=1959"}],"curies":[{"name":"wp","href":"https:\/\/api.w.org\/{rel}","templated":true}]}}