{"id":1953,"date":"2017-06-19T11:37:20","date_gmt":"2017-06-19T11:37:20","guid":{"rendered":"http:\/\/ibr.bs.katowice.pl\/?page_id=1953"},"modified":"2017-06-20T09:18:08","modified_gmt":"2017-06-20T09:18:08","slug":"kwiecien","status":"publish","type":"page","link":"https:\/\/ibr.bs.katowice.pl\/?page_id=1953","title":{"rendered":"Kwiecie\u0144"},"content":{"rendered":"<p>Kalendarium prezentuje wybrane wydarzenia i b\u0119dzie sukcesywnie uzupe\u0142niane.<\/p>\n<p>&nbsp;<\/p>\n<table width=\"0\">\n<tbody>\n<tr>\n<td width=\"72\">Dzie\u0144<\/td>\n<td width=\"448\">Wydarzenie<\/td>\n<td width=\"72\">Rok<\/td>\n<\/tr>\n<tr>\n<td rowspan=\"4\" width=\"72\">1<\/td>\n<td width=\"448\">Ukaza\u0142 si\u0119 pierwszy numer &#8222;Katolika&#8221;<\/td>\n<td width=\"72\">1839<\/td>\n<\/tr>\n<tr>\n<td width=\"448\">Urodzi\u0142 si\u0119 Franciszek Popio\u0142ek<\/td>\n<td width=\"72\">1868<\/td>\n<\/tr>\n<tr>\n<td width=\"448\">Powstanie katowickiego oddzia\u0142u Zwi\u0105zku Zawodowego Literat\u00f3w Polskich<\/td>\n<td width=\"72\">1945<\/td>\n<\/tr>\n<tr>\n<td width=\"448\">Zmar\u0142 Stefan Tymieniecki, dyrektor Polskiego Radia<\/td>\n<td width=\"72\">1946<\/td>\n<\/tr>\n<tr>\n<td width=\"72\">2<\/td>\n<td width=\"448\">Strajk polityczny w 70 zak\u0142adach wojew\u00f3dztwa \u015bl\u0105skiego przeciw masakrze robotnik\u00f3w przez policj\u0119 w Krakowie, Lwowie i Cz\u0119stochowie<\/td>\n<td width=\"72\">1936<\/td>\n<\/tr>\n<tr>\n<td width=\"72\">3<\/td>\n<td width=\"448\"><\/td>\n<td width=\"72\"><\/td>\n<\/tr>\n<tr>\n<td width=\"72\">4<\/td>\n<td width=\"448\"><\/td>\n<td width=\"72\"><\/td>\n<\/tr>\n<tr>\n<td width=\"72\">5<\/td>\n<td width=\"448\">Urodzi\u0142 si\u0119 Wincenty Gawlik<\/td>\n<td width=\"72\">1897<\/td>\n<\/tr>\n<tr>\n<td width=\"72\">6<\/td>\n<td width=\"448\">Zmar\u0142 ks. J\u00f3zef Gregor<\/td>\n<td width=\"72\">1926<\/td>\n<\/tr>\n<tr>\n<td width=\"72\">7<\/td>\n<td width=\"448\"><\/td>\n<td width=\"72\"><\/td>\n<\/tr>\n<tr>\n<td width=\"72\">8<\/td>\n<td width=\"448\"><\/td>\n<td width=\"72\"><\/td>\n<\/tr>\n<tr>\n<td width=\"72\">9<\/td>\n<td width=\"448\"><\/td>\n<td width=\"72\"><\/td>\n<\/tr>\n<tr>\n<td width=\"72\">10<\/td>\n<td width=\"448\"><\/td>\n<td width=\"72\"><\/td>\n<\/tr>\n<tr>\n<td width=\"72\">11<\/td>\n<td width=\"448\"><\/td>\n<td width=\"72\"><\/td>\n<\/tr>\n<tr>\n<td width=\"72\">12<\/td>\n<td width=\"448\"><\/td>\n<td width=\"72\"><\/td>\n<\/tr>\n<tr>\n<td width=\"72\">13<\/td>\n<td width=\"448\"><\/td>\n<td width=\"72\"><\/td>\n<\/tr>\n<tr>\n<td width=\"72\">14<\/td>\n<td width=\"448\"><\/td>\n<td width=\"72\"><\/td>\n<\/tr>\n<tr>\n<td width=\"72\">15<\/td>\n<td width=\"448\"><\/td>\n<td width=\"72\"><\/td>\n<\/tr>\n<tr>\n<td width=\"72\">16<\/td>\n<td width=\"448\">Zmar\u0142 J\u00f3zef Grzegorzek<\/td>\n<td width=\"72\">1961<\/td>\n<\/tr>\n<tr>\n<td width=\"72\">17<\/td>\n<td width=\"448\"><\/td>\n<td width=\"72\"><\/td>\n<\/tr>\n<tr>\n<td width=\"72\">18<\/td>\n<td width=\"448\">Urodzi\u0142 si\u0119 Jerzy Hejda<\/td>\n<td width=\"72\">1891<\/td>\n<\/tr>\n<tr>\n<td width=\"72\">19<\/td>\n<td width=\"448\"><\/td>\n<td width=\"72\"><\/td>\n<\/tr>\n<tr>\n<td rowspan=\"3\" width=\"72\">20<\/td>\n<td width=\"448\">Urodzi\u0142 si\u0119 Wojciech Korfanty<\/td>\n<td width=\"72\">1873<\/td>\n<\/tr>\n<tr>\n<td width=\"448\">Strajk w kopalni Gliwice z powodu zwolnienia z pracy robotnik\u00f3w, kt\u00f3rzy w czasie plebiscytu opowiedzieli si\u0119 za przy\u0142\u0105czeniem G\u00f3rnego \u015al\u0105ska do Polski<\/td>\n<td width=\"72\">1921<\/td>\n<\/tr>\n<tr>\n<td width=\"448\">Wojska radzieckie zaj\u0119\u0142y Morawsk\u0105 Ostraw\u0119<\/td>\n<td width=\"72\">1945<\/td>\n<\/tr>\n<tr>\n<td width=\"72\">21<\/td>\n<td width=\"448\">Zmar\u0142 J\u00f3zef Londzin<\/td>\n<td width=\"72\">1921<\/td>\n<\/tr>\n<tr>\n<td width=\"72\">22<\/td>\n<td width=\"448\">Urodzi\u0142 si\u0119 Teofil Ociepka<\/td>\n<td width=\"72\">1891<\/td>\n<\/tr>\n<tr>\n<td width=\"72\">23<\/td>\n<td width=\"448\"><\/td>\n<td width=\"72\"><\/td>\n<\/tr>\n<tr>\n<td width=\"72\">24<\/td>\n<td width=\"448\"><\/td>\n<td width=\"72\"><\/td>\n<\/tr>\n<tr>\n<td width=\"72\">25<\/td>\n<td width=\"448\">Zgin\u0105\u0142 Augustyn Mrozek<\/td>\n<td width=\"72\">1941<\/td>\n<\/tr>\n<tr>\n<td width=\"72\">26<\/td>\n<td width=\"448\"><\/td>\n<td width=\"72\"><\/td>\n<\/tr>\n<tr>\n<td width=\"72\">27<\/td>\n<td width=\"448\">Zgin\u0105\u0142 Marian Batko<\/td>\n<td width=\"72\">1941<\/td>\n<\/tr>\n<tr>\n<td width=\"72\">28<\/td>\n<td width=\"448\"><\/td>\n<td width=\"72\"><\/td>\n<\/tr>\n<tr>\n<td width=\"72\">29<\/td>\n<td width=\"448\"><\/td>\n<td width=\"72\"><\/td>\n<\/tr>\n<tr>\n<td width=\"72\">30<\/td>\n<td width=\"448\">Rudolf H\u00f6\u00df przyby\u0142 do O\u015bwi\u0119cimia, by pokierowa\u0107 pracami porz\u0105dkowymi na terenie dawnych koszar, kt\u00f3re p\u00f3\u017aniej sta\u0142y si\u0119 obozem koncentracyjnym<\/td>\n<td width=\"72\">1940<\/td>\n<\/tr>\n<\/tbody>\n<\/table>\n","protected":false},"excerpt":{"rendered":"<p>Kalendarium prezentuje wybrane wydarzenia i b\u0119dzie sukcesywnie uzupe\u0142niane. &nbsp; Dzie\u0144 Wydarzenie Rok 1 Ukaza\u0142 si\u0119 pierwszy numer &#8222;Katolika&#8221; 1839 Urodzi\u0142 si\u0119 Franciszek Popio\u0142ek 1868 Powstanie katowickiego oddzia\u0142u Zwi\u0105zku Zawodowego Literat\u00f3w Polskich 1945 Zmar\u0142 Stefan Tymieniecki, dyrektor Polskiego Radia 1946 2 Strajk polityczny w 70 zak\u0142adach wojew\u00f3dztwa \u015bl\u0105skiego przeciw masakrze robotnik\u00f3w przez policj\u0119 w Krakowie, Lwowie<\/p>\n<div class=\"read-more-wrapper\"><a class=\"read-more\" href=\"https:\/\/ibr.bs.katowice.pl\/?page_id=1953\" title=\"Read More\"> <span class=\"button \">Read More<\/span><\/a><\/div>\n","protected":false},"author":2,"featured_media":0,"parent":1943,"menu_order":0,"comment_status":"closed","ping_status":"closed","template":"","meta":{"footnotes":""},"class_list":["post-1953","page","type-page","status-publish","hentry"],"_links":{"self":[{"href":"https:\/\/ibr.bs.katowice.pl\/index.php?rest_route=\/wp\/v2\/pages\/1953","targetHints":{"allow":["GET"]}}],"collection":[{"href":"https:\/\/ibr.bs.katowice.pl\/index.php?rest_route=\/wp\/v2\/pages"}],"about":[{"href":"https:\/\/ibr.bs.katowice.pl\/index.php?rest_route=\/wp\/v2\/types\/page"}],"author":[{"embeddable":true,"href":"https:\/\/ibr.bs.katowice.pl\/index.php?rest_route=\/wp\/v2\/users\/2"}],"replies":[{"embeddable":true,"href":"https:\/\/ibr.bs.katowice.pl\/index.php?rest_route=%2Fwp%2Fv2%2Fcomments&post=1953"}],"version-history":[{"count":0,"href":"https:\/\/ibr.bs.katowice.pl\/index.php?rest_route=\/wp\/v2\/pages\/1953\/revisions"}],"up":[{"embeddable":true,"href":"https:\/\/ibr.bs.katowice.pl\/index.php?rest_route=\/wp\/v2\/pages\/1943"}],"wp:attachment":[{"href":"https:\/\/ibr.bs.katowice.pl\/index.php?rest_route=%2Fwp%2Fv2%2Fmedia&parent=1953"}],"curies":[{"name":"wp","href":"https:\/\/api.w.org\/{rel}","templated":true}]}}